{"id":29208,"date":"2021-12-10T11:39:31","date_gmt":"2021-12-10T11:39:31","guid":{"rendered":"https:\/\/wpestate1.wpestate.info\/?page_id=29208"},"modified":"2021-12-10T11:39:31","modified_gmt":"2021-12-10T11:39:31","slug":"blog-list-shortcodes-2","status":"publish","type":"page","link":"https:\/\/www.alquiler-madrid.com\/es\/blog-list-shortcodes-2\/","title":{"rendered":"Blog List Shortcodes"},"content":{"rendered":"\t\t<div data-elementor-type=\"wp-page\" data-elementor-id=\"29208\" class=\"elementor elementor-29208\">\n\t\t\t\t\t\t\t\t\t<section class=\"elementor-section elementor-top-section elementor-element elementor-element-caadcea elementor-section-stretched elementor-section-boxed elementor-section-height-default elementor-section-height-default\" data-id=\"caadcea\" data-element_type=\"section\" data-settings=\"{&quot;stretch_section&quot;:&quot;section-stretched&quot;,&quot;background_background&quot;:&quot;classic&quot;}\">\n\t\t\t\t\t\t<div class=\"elementor-container elementor-column-gap-default\">\n\t\t\t\t\t<div class=\"elementor-column elementor-col-100 elementor-top-column elementor-element elementor-element-62e0f277\" data-id=\"62e0f277\" data-element_type=\"column\">\n\t\t\t<div class=\"elementor-widget-wrap elementor-element-populated\">\n\t\t\t\t\t\t\t\t<div class=\"elementor-element elementor-element-1a78c045 elementor-widget elementor-widget-WpResidenc_Items_Slider\" data-id=\"1a78c045\" data-element_type=\"widget\" data-widget_type=\"WpResidenc_Items_Slider.default\">\n\t\t\t\t<div class=\"elementor-widget-container\">\n\t\t\t<div class=\"article_container slider_container bottom-articles nobutton  \" ><h2 class=\"shortcode_title title_slider\">Blog Posts Slider<\/h2><div class=\"shortcode_slider_wrapper\" ><div class=\"shortcode_slider_list slider_no81594 arrow_class_sideways \" data-items-per-row=\"3\"  data-auto=\"0\" ><div class=\" slider_prop_wrapper   three_per_row  \" >  \n\n<div  class=\"col-md- shortcode-col  listing_wrapper blog2v\"> \n    <div class=\"property_listing_blog\" data-link=\"https:\/\/www.alquiler-madrid.com\/es\/alquilar-piso-sin-intermediarios-madrid-guia-paso-a-paso\/\">\n        <div class=\"blog_unit_image\"><a href=\"https:\/\/www.alquiler-madrid.com\/es\/alquilar-piso-sin-intermediarios-madrid-guia-paso-a-paso\/\" ><img loading=\"lazy\" decoding=\"async\" width=\"525\" height=\"328\" src=\"\/wp-content\/uploads\/2026\/04\/alquilar-piso-sin-intermediarios-madrid-guia-paso-a-paso-525x328.png\" class=\"lazyload img-responsive wp-post-image\" alt=\"Propietario entrega llaves a pareja en piso de Madrid alquilar piso sin intermediarios con luz natural y trato profesional.\" data-original=\"\/wp-content\/uploads\/2026\/04\/alquilar-piso-sin-intermediarios-madrid-guia-paso-a-paso-525x328.png\" srcset=\"\/wp-content\/uploads\/2026\/04\/alquilar-piso-sin-intermediarios-madrid-guia-paso-a-paso-525x328.png 525w, \/wp-content\/uploads\/2026\/04\/alquilar-piso-sin-intermediarios-madrid-guia-paso-a-paso-18x12.png 18w\" sizes=\"auto, (max-width: 525px) 100vw, 525px\" \/><\/a><\/div>\n           <h4>\n               <a href=\"https:\/\/www.alquiler-madrid.com\/es\/alquilar-piso-sin-intermediarios-madrid-guia-paso-a-paso\/\" class=\"blog_unit_title\">C\u00f3mo alquilar tu piso en Madrid sin intermed...<\/a> \n           <\/h4>\n        \n           <div class=\"blog_unit_meta\">\n            Abr 16, 2026            \n           <\/div>\n           \n            <div class=\"listing_details the_grid_view\">\n                Alquilar tu vivienda en Madrid por tu cuenta es viable y rentable. Si buscas alquilar piso sin intermediarios, esta <a href=\"https:\/\/www.alquiler-madrid.com\/es\/alquilar-piso-sin-intermediarios-madrid-guia-paso-a-paso\/\" class=\"unit_more_x\">...<\/a>            <\/div>\n\n            <a class=\"read_more\" href=\"https:\/\/www.alquiler-madrid.com\/es\/alquilar-piso-sin-intermediarios-madrid-guia-paso-a-paso\/\"> Continue reading<i class=\"fas fa-angle-right\"><\/i> <\/a>\n\n        <\/div>          \n    <\/div>      <\/div><div class=\" slider_prop_wrapper   three_per_row  \" >  \n\n<div  class=\"col-md- shortcode-col  listing_wrapper blog2v\"> \n    <div class=\"property_listing_blog\" data-link=\"https:\/\/www.alquiler-madrid.com\/es\/contratos-alquiler-madrid-guia-2026-abril-fiscalidad\/\">\n        <div class=\"blog_unit_image\"><a href=\"https:\/\/www.alquiler-madrid.com\/es\/contratos-alquiler-madrid-guia-2026-abril-fiscalidad\/\" ><img loading=\"lazy\" decoding=\"async\" width=\"525\" height=\"328\" src=\"\/wp-content\/uploads\/2026\/04\/contratos-alquiler-madrid-guia-2026-abril-fiscalidad-525x328.png\" class=\"lazyload img-responsive wp-post-image\" alt=\"Propietario y gestor revisan contrato en oficina con vistas a Madrid; contratos alquiler Madrid con enfoque pr\u00e1ctico en abril\" data-original=\"\/wp-content\/uploads\/2026\/04\/contratos-alquiler-madrid-guia-2026-abril-fiscalidad-525x328.png\" srcset=\"\/wp-content\/uploads\/2026\/04\/contratos-alquiler-madrid-guia-2026-abril-fiscalidad-525x328.png 525w, \/wp-content\/uploads\/2026\/04\/contratos-alquiler-madrid-guia-2026-abril-fiscalidad-18x12.png 18w\" sizes=\"auto, (max-width: 525px) 100vw, 525px\" \/><\/a><\/div>\n           <h4>\n               <a href=\"https:\/\/www.alquiler-madrid.com\/es\/contratos-alquiler-madrid-guia-2026-abril-fiscalidad\/\" class=\"blog_unit_title\">Gu\u00eda 2026 \u2014 Contratos y fiscalidad del alqui...<\/a> \n           <\/h4>\n        \n           <div class=\"blog_unit_meta\">\n            Abr 09, 2026            \n           <\/div>\n           \n            <div class=\"listing_details the_grid_view\">\n                Abril de 2026 llega con dudas y oportunidades para propietarios. Si alquilas vivienda, local, oficina o garaje, est <a href=\"https:\/\/www.alquiler-madrid.com\/es\/contratos-alquiler-madrid-guia-2026-abril-fiscalidad\/\" class=\"unit_more_x\">...<\/a>            <\/div>\n\n            <a class=\"read_more\" href=\"https:\/\/www.alquiler-madrid.com\/es\/contratos-alquiler-madrid-guia-2026-abril-fiscalidad\/\"> Continue reading<i class=\"fas fa-angle-right\"><\/i> <\/a>\n\n        <\/div>          \n    <\/div>      <\/div><div class=\" slider_prop_wrapper   three_per_row  \" >  \n\n<div  class=\"col-md- shortcode-col  listing_wrapper blog2v\"> \n    <div class=\"property_listing_blog\" data-link=\"https:\/\/www.alquiler-madrid.com\/es\/alquilar-piso-en-madrid-sin-intermediarios-guia-paso-a-paso\/\">\n        <div class=\"blog_unit_image\"><a href=\"https:\/\/www.alquiler-madrid.com\/es\/alquilar-piso-en-madrid-sin-intermediarios-guia-paso-a-paso\/\" ><img loading=\"lazy\" decoding=\"async\" width=\"525\" height=\"328\" src=\"\/wp-content\/uploads\/2026\/03\/alquilar-piso-en-madrid-sin-intermediarios-guia-paso-a-paso-525x328.png\" class=\"lazyload img-responsive wp-post-image\" alt=\"Propietario e inquilina firman contrato en sal\u00f3n luminoso; escena para alquilar piso en Madrid sin intermediarios.\" data-original=\"\/wp-content\/uploads\/2026\/03\/alquilar-piso-en-madrid-sin-intermediarios-guia-paso-a-paso-525x328.png\" srcset=\"\/wp-content\/uploads\/2026\/03\/alquilar-piso-en-madrid-sin-intermediarios-guia-paso-a-paso-525x328.png 525w, \/wp-content\/uploads\/2026\/03\/alquilar-piso-en-madrid-sin-intermediarios-guia-paso-a-paso-18x12.png 18w\" sizes=\"auto, (max-width: 525px) 100vw, 525px\" \/><\/a><\/div>\n           <h4>\n               <a href=\"https:\/\/www.alquiler-madrid.com\/es\/alquilar-piso-en-madrid-sin-intermediarios-guia-paso-a-paso\/\" class=\"blog_unit_title\">C\u00f3mo alquilar piso en Madrid sin intermediar...<\/a> \n           <\/h4>\n        \n           <div class=\"blog_unit_meta\">\n            Mar 26, 2026            \n           <\/div>\n           \n            <div class=\"listing_details the_grid_view\">\n                Si quieres alquilar piso en Madrid sin agencias, esta gu\u00eda pr\u00e1ctica te acompa\u00f1a desde la b\u00fasqueda hasta la firma de <a href=\"https:\/\/www.alquiler-madrid.com\/es\/alquilar-piso-en-madrid-sin-intermediarios-guia-paso-a-paso\/\" class=\"unit_more_x\">...<\/a>            <\/div>\n\n            <a class=\"read_more\" href=\"https:\/\/www.alquiler-madrid.com\/es\/alquilar-piso-en-madrid-sin-intermediarios-guia-paso-a-paso\/\"> Continue reading<i class=\"fas fa-angle-right\"><\/i> <\/a>\n\n        <\/div>          \n    <\/div>      <\/div><div class=\" slider_prop_wrapper   three_per_row  \" >  \n\n<div  class=\"col-md- shortcode-col  listing_wrapper blog2v\"> \n    <div class=\"property_listing_blog\" data-link=\"https:\/\/www.alquiler-madrid.com\/es\/preparar-vivienda-para-alquiler-checklist-primavera-madrid\/\">\n        <div class=\"blog_unit_image\"><a href=\"https:\/\/www.alquiler-madrid.com\/es\/preparar-vivienda-para-alquiler-checklist-primavera-madrid\/\" ><img loading=\"lazy\" decoding=\"async\" width=\"525\" height=\"328\" src=\"\/wp-content\/uploads\/2026\/03\/preparar-vivienda-para-alquiler-checklist-primavera-madrid-525x328.png\" class=\"lazyload img-responsive wp-post-image\" alt=\"Sal\u00f3n luminoso en Madrid en primavera: checklist y profesional ventilando, preparar vivienda para alquiler antes de visitas.\" data-original=\"\/wp-content\/uploads\/2026\/03\/preparar-vivienda-para-alquiler-checklist-primavera-madrid-525x328.png\" srcset=\"\/wp-content\/uploads\/2026\/03\/preparar-vivienda-para-alquiler-checklist-primavera-madrid-525x328.png 525w, \/wp-content\/uploads\/2026\/03\/preparar-vivienda-para-alquiler-checklist-primavera-madrid-18x12.png 18w\" sizes=\"auto, (max-width: 525px) 100vw, 525px\" \/><\/a><\/div>\n           <h4>\n               <a href=\"https:\/\/www.alquiler-madrid.com\/es\/preparar-vivienda-para-alquiler-checklist-primavera-madrid\/\" class=\"blog_unit_title\">Checklist: preparar vivienda para alquiler e...<\/a> \n           <\/h4>\n        \n           <div class=\"blog_unit_meta\">\n            Mar 12, 2026            \n           <\/div>\n           \n            <div class=\"listing_details the_grid_view\">\n                Si vas a preparar vivienda para alquiler esta primavera en Madrid, esta checklist pr\u00e1ctica te ayudar\u00e1 a publicar r\u00e1 <a href=\"https:\/\/www.alquiler-madrid.com\/es\/preparar-vivienda-para-alquiler-checklist-primavera-madrid\/\" class=\"unit_more_x\">...<\/a>            <\/div>\n\n            <a class=\"read_more\" href=\"https:\/\/www.alquiler-madrid.com\/es\/preparar-vivienda-para-alquiler-checklist-primavera-madrid\/\"> Continue reading<i class=\"fas fa-angle-right\"><\/i> <\/a>\n\n        <\/div>          \n    <\/div>      <\/div><\/div><\/div><\/div>\t\t<\/div>\n\t\t\t\t<\/div>\n\t\t\t\t\t<\/div>\n\t\t<\/div>\n\t\t\t\t\t\t\t<\/div>\n\t\t<\/section>\n\t\t\t\t<section class=\"elementor-section elementor-top-section elementor-element elementor-element-3ed99c9a elementor-section-stretched elementor-section-boxed elementor-section-height-default elementor-section-height-default\" data-id=\"3ed99c9a\" data-element_type=\"section\" data-settings=\"{&quot;stretch_section&quot;:&quot;section-stretched&quot;,&quot;background_background&quot;:&quot;classic&quot;}\">\n\t\t\t\t\t\t<div class=\"elementor-container elementor-column-gap-default\">\n\t\t\t\t\t<div class=\"elementor-column elementor-col-100 elementor-top-column elementor-element elementor-element-3c999094\" data-id=\"3c999094\" data-element_type=\"column\">\n\t\t\t<div class=\"elementor-widget-wrap elementor-element-populated\">\n\t\t\t\t\t\t\t\t<div class=\"elementor-element elementor-element-2efba46b elementor-widget elementor-widget-WpResidence_Items_List\" data-id=\"2efba46b\" data-element_type=\"widget\" data-widget_type=\"WpResidence_Items_List.default\">\n\t\t\t\t<div class=\"elementor-widget-container\">\n\t\t\t<div id=\"wpestate_sh_anime_445\" class=\"article_container wpestate_anime wpestate_latest_listings_sh bottom-post  blogs_wrapper \"  data-type=\"post\" data-category_ids=\"\" data-action_ids=\"\" data-city_ids=\"\" data-area_ids=\"\" data-state_ids=\"\" data-status_ids=\"\" data-number=\"3\" data-row-number=\"3\" data-card-version=\"\" data-align=\"vertical\" data-show_featured_only=\"no\"  data-random_pick=\"no\"  data-featured_first=\"no\" data-sort-by=\"0\"data-page=\"1\" ><h2 class=\"shortcode_title\">Blog Posts lists<\/h2>  \n\n<div  class=\"col-md-4 shortcode-col  listing_wrapper blog2v\"> \n    <div class=\"property_listing_blog\" data-link=\"https:\/\/www.alquiler-madrid.com\/es\/alquilar-piso-sin-intermediarios-madrid-guia-paso-a-paso\/\">\n        <div class=\"blog_unit_image\"><a href=\"https:\/\/www.alquiler-madrid.com\/es\/alquilar-piso-sin-intermediarios-madrid-guia-paso-a-paso\/\" ><img loading=\"lazy\" decoding=\"async\" width=\"525\" height=\"328\" src=\"\/wp-content\/uploads\/2026\/04\/alquilar-piso-sin-intermediarios-madrid-guia-paso-a-paso-525x328.png\" class=\"lazyload img-responsive wp-post-image\" alt=\"Propietario entrega llaves a pareja en piso de Madrid alquilar piso sin intermediarios con luz natural y trato profesional.\" data-original=\"\/wp-content\/uploads\/2026\/04\/alquilar-piso-sin-intermediarios-madrid-guia-paso-a-paso-525x328.png\" srcset=\"\/wp-content\/uploads\/2026\/04\/alquilar-piso-sin-intermediarios-madrid-guia-paso-a-paso-525x328.png 525w, \/wp-content\/uploads\/2026\/04\/alquilar-piso-sin-intermediarios-madrid-guia-paso-a-paso-18x12.png 18w\" sizes=\"auto, (max-width: 525px) 100vw, 525px\" \/><\/a><\/div>\n           <h4>\n               <a href=\"https:\/\/www.alquiler-madrid.com\/es\/alquilar-piso-sin-intermediarios-madrid-guia-paso-a-paso\/\" class=\"blog_unit_title\">C\u00f3mo alquilar tu piso en Madrid sin intermed...<\/a> \n           <\/h4>\n        \n           <div class=\"blog_unit_meta\">\n            Abr 16, 2026            \n           <\/div>\n           \n            <div class=\"listing_details the_grid_view\">\n                Alquilar tu vivienda en Madrid por tu cuenta es viable y rentable. Si buscas alquilar piso sin intermediarios, esta <a href=\"https:\/\/www.alquiler-madrid.com\/es\/alquilar-piso-sin-intermediarios-madrid-guia-paso-a-paso\/\" class=\"unit_more_x\">...<\/a>            <\/div>\n\n            <a class=\"read_more\" href=\"https:\/\/www.alquiler-madrid.com\/es\/alquilar-piso-sin-intermediarios-madrid-guia-paso-a-paso\/\"> Continue reading<i class=\"fas fa-angle-right\"><\/i> <\/a>\n\n        <\/div>          \n    <\/div>        \n\n<div  class=\"col-md-4 shortcode-col  listing_wrapper blog2v\"> \n    <div class=\"property_listing_blog\" data-link=\"https:\/\/www.alquiler-madrid.com\/es\/contratos-alquiler-madrid-guia-2026-abril-fiscalidad\/\">\n        <div class=\"blog_unit_image\"><a href=\"https:\/\/www.alquiler-madrid.com\/es\/contratos-alquiler-madrid-guia-2026-abril-fiscalidad\/\" ><img loading=\"lazy\" decoding=\"async\" width=\"525\" height=\"328\" src=\"\/wp-content\/uploads\/2026\/04\/contratos-alquiler-madrid-guia-2026-abril-fiscalidad-525x328.png\" class=\"lazyload img-responsive wp-post-image\" alt=\"Propietario y gestor revisan contrato en oficina con vistas a Madrid; contratos alquiler Madrid con enfoque pr\u00e1ctico en abril\" data-original=\"\/wp-content\/uploads\/2026\/04\/contratos-alquiler-madrid-guia-2026-abril-fiscalidad-525x328.png\" srcset=\"\/wp-content\/uploads\/2026\/04\/contratos-alquiler-madrid-guia-2026-abril-fiscalidad-525x328.png 525w, \/wp-content\/uploads\/2026\/04\/contratos-alquiler-madrid-guia-2026-abril-fiscalidad-18x12.png 18w\" sizes=\"auto, (max-width: 525px) 100vw, 525px\" \/><\/a><\/div>\n           <h4>\n               <a href=\"https:\/\/www.alquiler-madrid.com\/es\/contratos-alquiler-madrid-guia-2026-abril-fiscalidad\/\" class=\"blog_unit_title\">Gu\u00eda 2026 \u2014 Contratos y fiscalidad del alqui...<\/a> \n           <\/h4>\n        \n           <div class=\"blog_unit_meta\">\n            Abr 09, 2026            \n           <\/div>\n           \n            <div class=\"listing_details the_grid_view\">\n                Abril de 2026 llega con dudas y oportunidades para propietarios. Si alquilas vivienda, local, oficina o garaje, est <a href=\"https:\/\/www.alquiler-madrid.com\/es\/contratos-alquiler-madrid-guia-2026-abril-fiscalidad\/\" class=\"unit_more_x\">...<\/a>            <\/div>\n\n            <a class=\"read_more\" href=\"https:\/\/www.alquiler-madrid.com\/es\/contratos-alquiler-madrid-guia-2026-abril-fiscalidad\/\"> Continue reading<i class=\"fas fa-angle-right\"><\/i> <\/a>\n\n        <\/div>          \n    <\/div>        \n\n<div  class=\"col-md-4 shortcode-col  listing_wrapper blog2v\"> \n    <div class=\"property_listing_blog\" data-link=\"https:\/\/www.alquiler-madrid.com\/es\/alquilar-piso-en-madrid-sin-intermediarios-guia-paso-a-paso\/\">\n        <div class=\"blog_unit_image\"><a href=\"https:\/\/www.alquiler-madrid.com\/es\/alquilar-piso-en-madrid-sin-intermediarios-guia-paso-a-paso\/\" ><img loading=\"lazy\" decoding=\"async\" width=\"525\" height=\"328\" src=\"\/wp-content\/uploads\/2026\/03\/alquilar-piso-en-madrid-sin-intermediarios-guia-paso-a-paso-525x328.png\" class=\"lazyload img-responsive wp-post-image\" alt=\"Propietario e inquilina firman contrato en sal\u00f3n luminoso; escena para alquilar piso en Madrid sin intermediarios.\" data-original=\"\/wp-content\/uploads\/2026\/03\/alquilar-piso-en-madrid-sin-intermediarios-guia-paso-a-paso-525x328.png\" srcset=\"\/wp-content\/uploads\/2026\/03\/alquilar-piso-en-madrid-sin-intermediarios-guia-paso-a-paso-525x328.png 525w, \/wp-content\/uploads\/2026\/03\/alquilar-piso-en-madrid-sin-intermediarios-guia-paso-a-paso-18x12.png 18w\" sizes=\"auto, (max-width: 525px) 100vw, 525px\" \/><\/a><\/div>\n           <h4>\n               <a href=\"https:\/\/www.alquiler-madrid.com\/es\/alquilar-piso-en-madrid-sin-intermediarios-guia-paso-a-paso\/\" class=\"blog_unit_title\">C\u00f3mo alquilar piso en Madrid sin intermediar...<\/a> \n           <\/h4>\n        \n           <div class=\"blog_unit_meta\">\n            Mar 26, 2026            \n           <\/div>\n           \n            <div class=\"listing_details the_grid_view\">\n                Si quieres alquilar piso en Madrid sin agencias, esta gu\u00eda pr\u00e1ctica te acompa\u00f1a desde la b\u00fasqueda hasta la firma de <a href=\"https:\/\/www.alquiler-madrid.com\/es\/alquilar-piso-en-madrid-sin-intermediarios-guia-paso-a-paso\/\" class=\"unit_more_x\">...<\/a>            <\/div>\n\n            <a class=\"read_more\" href=\"https:\/\/www.alquiler-madrid.com\/es\/alquilar-piso-en-madrid-sin-intermediarios-guia-paso-a-paso\/\"> Continue reading<i class=\"fas fa-angle-right\"><\/i> <\/a>\n\n        <\/div>          \n    <\/div>      <div class=\"wpestate_listing_sh_loader\">\n       <div class=\"new_prelader\"><\/div>\n    <\/div><div class=\"listinglink-wrapper_sh_listings\">\n           <span class=\"wpresidence_button wpestate_item_list_sh\">  cargar art\u00edculos <\/span>\n           <\/div><\/div><script type=\"text\/javascript\">\n                \/\/<![CDATA[\n                jQuery(document).ready(function(){\n                    \/\/wpestate_anime(\"#wpestate_sh_anime_445\");\n                   \/\/ wpestate_property_list_sh(\"#wpestate_sh_anime_445 .wpestate_item_list_sh\", \"#wpestate_sh_anime_445 .control_tax_sh\");\n\n                });\n                \/\/]]>\n            <\/script>\t\t<\/div>\n\t\t\t\t<\/div>\n\t\t\t\t\t<\/div>\n\t\t<\/div>\n\t\t\t\t\t\t\t<\/div>\n\t\t<\/section>\n\t\t\t\t\t\t\t<\/div>\n\t\t","protected":false},"excerpt":{"rendered":"<p>Blog Posts Slider Hello world! Dec 10, 2021 Welcome to WordPress. This is your first post. Edit or delete it, then start writing! Continue reading Search widget on the right Sep 08, 2017 A modern redrawing of the 1807 version of the Commissioner&#8217;s Grid plan for Manhattan, a few years before it wa &#8230; Continue reading Why Live in New York Mar 04, 2016 &#8230;<\/p>\n","protected":false},"author":2,"featured_media":0,"parent":0,"menu_order":0,"comment_status":"closed","ping_status":"closed","template":"","meta":{"_yoast_wpseo_title":"","_yoast_wpseo_metadesc":"","_yoast_wpseo_focuskw":"","rank_math_title":"","rank_math_description":"","rank_math_focus_keyword":"","footnotes":""},"class_list":["post-29208","page","type-page","status-publish","hentry"],"_links":{"self":[{"href":"https:\/\/www.alquiler-madrid.com\/es\/wp-json\/wp\/v2\/pages\/29208","targetHints":{"allow":["GET"]}}],"collection":[{"href":"https:\/\/www.alquiler-madrid.com\/es\/wp-json\/wp\/v2\/pages"}],"about":[{"href":"https:\/\/www.alquiler-madrid.com\/es\/wp-json\/wp\/v2\/types\/page"}],"author":[{"embeddable":true,"href":"https:\/\/www.alquiler-madrid.com\/es\/wp-json\/wp\/v2\/users\/2"}],"replies":[{"embeddable":true,"href":"https:\/\/www.alquiler-madrid.com\/es\/wp-json\/wp\/v2\/comments?post=29208"}],"version-history":[{"count":0,"href":"https:\/\/www.alquiler-madrid.com\/es\/wp-json\/wp\/v2\/pages\/29208\/revisions"}],"wp:attachment":[{"href":"https:\/\/www.alquiler-madrid.com\/es\/wp-json\/wp\/v2\/media?parent=29208"}],"curies":[{"name":"wp","href":"https:\/\/api.w.org\/{rel}","templated":true}]}}